{"id":45357,"date":"2024-12-19T12:03:02","date_gmt":"2024-12-19T12:03:02","guid":{"rendered":"https:\/\/impulseducacio.org\/?page_id=45357"},"modified":"2025-01-15T09:15:07","modified_gmt":"2025-01-15T09:15:07","slug":"collaborators-teacher-training","status":"publish","type":"page","link":"https:\/\/impulseducacio.org\/en\/collaborators-teacher-training\/","title":{"rendered":"Collaborators Teacher training"},"content":{"rendered":"<p><div class=\"fusion-fullwidth fullwidth-box fusion-builder-row-1 has-pattern-background has-mask-background fusion-parallax-none nonhundred-percent-fullwidth non-hundred-percent-height-scrolling\" style=\"--awb-border-radius-top-left:0px;--awb-border-radius-top-right:0px;--awb-border-radius-bottom-right:0px;--awb-border-radius-bottom-left:0px;--awb-padding-top:392px;--awb-padding-bottom:0px;--awb-margin-top:0px;--awb-margin-bottom:0px;--awb-background-color:rgba(212,222,227,0);--awb-background-image:linear-gradient(180deg, rgba(0,0,0,0.56) 0%,rgba(255,255,255,0) 100%),url(https:\/\/impulseducacio.org\/wp-content\/uploads\/2024\/12\/Portada-colaboradores-formacion-docente.jpg);;--awb-background-size:cover;--awb-flex-wrap:wrap;\" ><div class=\"fusion-builder-row fusion-row\"><div class=\"fusion-layout-column fusion_builder_column fusion-builder-column-0 fusion_builder_column_1_1 1_1 fusion-one-full fusion-column-first fusion-column-last\" style=\"--awb-bg-size:cover;--awb-margin-bottom:0px;\"><div class=\"fusion-column-wrapper fusion-column-has-shadow fusion-flex-column-wrapper-legacy\"><div class=\"fusion-text fusion-text-1\" style=\"--awb-font-size:60px;\"><p style=\"text-align: center;\"><span style=\"color: #ffffff;\">Teacher Training<\/span><\/p>\n<\/div><div class=\"fusion-section-separator section-separator waves fusion-section-separator-1\" style=\"--awb-spacer-padding-top:15.8203125%;--awb-svg-margin-left:0;--awb-svg-margin-right:0;--awb-sep-font-size:0;--awb-sep-line-height:0;\"><div class=\"fusion-section-separator-svg\"><svg class=\"fusion-waves-candy\" xmlns=\"http:\/\/www.w3.org\/2000\/svg\" version=\"1.1\" width=\"100%\" viewBox=\"0 54 1024 162\" preserveAspectRatio=\"none\" fill=\"rgba(255,255,255,1)\"><path class=\"st3\" d=\"M0 216.312h1024v-3.044c-50.8-17.1-108.7-30.7-172.7-37.9-178.6-19.8-220 36.8-404.9 21.3-206.6-17.2-228-126.5-434.5-141.6-3.9-.3-7.9-.5-11.9-.7v161.944z\"\/><\/svg><\/div><div class=\"fusion-section-separator-spacer\"><div class=\"fusion-section-separator-spacer-height\"><\/div><\/div><\/div><div class=\"fusion-clearfix\"><\/div><\/div><\/div><\/div><\/div><div class=\"fusion-fullwidth fullwidth-box fusion-builder-row-2 nonhundred-percent-fullwidth non-hundred-percent-height-scrolling\" style=\"--awb-border-radius-top-left:0px;--awb-border-radius-top-right:0px;--awb-border-radius-bottom-right:0px;--awb-border-radius-bottom-left:0px;--awb-padding-top:5%;--awb-padding-bottom:0px;--awb-margin-top:0px;--awb-margin-bottom:0px;--awb-flex-wrap:wrap;\" ><div class=\"fusion-builder-row fusion-row\"><div class=\"fusion-layout-column fusion_builder_column fusion-builder-column-1 fusion_builder_column_1_1 1_1 fusion-one-full fusion-column-first fusion-column-last\" style=\"--awb-bg-size:cover;--awb-margin-bottom:0px;\"><div class=\"fusion-column-wrapper fusion-column-has-shadow fusion-flex-column-wrapper-legacy\"><div class=\"fusion-flip-boxes flip-boxes row fusion-columns-4 flip-effect-classic equal-heights\"><div class=\"fusion-flip-box-wrapper fusion-column col-lg-3 col-md-3 col-sm-3\"><div class=\"fusion-flip-box flip-right\" tabindex=\"0\"><div class=\"flip-box-inner-wrapper\"><div class=\"flip-box-front\" style=\"--awb-background-color-front:#efefef;--awb-title-front-color:48626f;--awb-text-front-color:#48626f;\"><div class=\"flip-box-front-inner\"><div class=\"flip-box-grafix flip-box-image\"><img decoding=\"async\" src=\"https:\/\/impulseducacio.org\/wp-content\/uploads\/2024\/12\/1.-Guy-Claxton.jpg\" width=\"800\" height=\"800\" alt=\"\" \/><\/div><h3 class=\"flip-box-heading\">Guy Claxton<\/h3>Professor of Psychology and Education at the UoB<\/div><\/div><div class=\"flip-box-back\" style=\"--awb-background-color-back:#48626f;--awb-text-back-color:#efefef;\"><div class=\"flip-box-back-inner\"><h3 class=\"flip-box-heading-back\">Guy Claxton<\/h3>\n<p style=\"text-align: left;\">He is a British cognitive scientist and pedagogue who has influenced schools all over the world.<\/p>\n<p style=\"text-align: left;\">He has collaborated with Impuls with an interview for Di\u00e0legs magazine.<\/p>\n<div class=\"fusion-alignright\"><a class=\"fusion-button button-flat fusion-button-default-size button-default fusion-button-default button-1 fusion-button-default-span fusion-button-default-type\" target=\"_self\" href=\"#\" data-toggle=\"modal\" data-target=\".fusion-modal.guyclaxton\"><span class=\"fusion-button-text awb-button__text awb-button__text--default\">+ Info<\/span><\/a><\/div>\n<\/div><\/div><\/div><\/div><\/div><div class=\"fusion-flip-box-wrapper fusion-column col-lg-3 col-md-3 col-sm-3\"><div class=\"fusion-flip-box flip-right\" tabindex=\"0\"><div class=\"flip-box-inner-wrapper\"><div class=\"flip-box-front\" style=\"--awb-background-color-front:#efefef;--awb-title-front-color:48626f;--awb-text-front-color:#48626f;\"><div class=\"flip-box-front-inner\"><div class=\"flip-box-grafix flip-box-image\"><img decoding=\"async\" src=\"https:\/\/impulseducacio.org\/wp-content\/uploads\/2024\/12\/5.-Miquel-Rossy.jpg\" width=\"800\" height=\"800\" alt=\"\" \/><\/div><h3 class=\"flip-box-heading\">Miquel Rossy<\/h3>School brand consultant and graphic designer<\/div><\/div><div class=\"flip-box-back\" style=\"--awb-background-color-back:#48626f;--awb-text-back-color:#efefef;\"><div class=\"flip-box-back-inner\"><h3 class=\"flip-box-heading-back\">Miquel Rossy<\/h3>\n<p style=\"text-align: left;\">Expert in the creation of institutional identities, especially foundations and organisations linked to the field of education.<\/p>\n<p style=\"text-align: left;\">He has collaborated with Impuls with an interview for Di\u00e0legs magazine and on the blog.<\/p>\n<div class=\"fusion-alignright\"><a class=\"fusion-button button-flat fusion-button-default-size button-default fusion-button-default button-2 fusion-button-default-span fusion-button-default-type\" target=\"_self\" href=\"#\" data-toggle=\"modal\" data-target=\".fusion-modal.rossy\"><span class=\"fusion-button-text awb-button__text awb-button__text--default\">+ Info<\/span><\/a><\/div>\n<\/div><\/div><\/div><\/div><\/div><div class=\"fusion-flip-box-wrapper fusion-column col-lg-3 col-md-3 col-sm-3\"><div class=\"fusion-flip-box flip-right\" tabindex=\"0\"><div class=\"flip-box-inner-wrapper\"><div class=\"flip-box-front\" style=\"--awb-background-color-front:#efefef;--awb-title-front-color:48626f;--awb-text-front-color:#48626f;\"><div class=\"flip-box-front-inner\"><div class=\"flip-box-grafix flip-box-image\"><img decoding=\"async\" src=\"https:\/\/impulseducacio.org\/wp-content\/uploads\/2021\/10\/Web_Antonio-Bernal-1.jpg\" width=\"800\" height=\"800\" alt=\"\" \/><\/div><h3 class=\"flip-box-heading\">Antonio Bernal<\/h3>Professor of Social Pedagogy at the US<\/div><\/div><div class=\"flip-box-back\" style=\"--awb-background-color-back:#48626f;--awb-text-back-color:#efefef;\"><div class=\"flip-box-back-inner\"><h3 class=\"flip-box-heading-back\">Antonio Bernal<\/h3>\n<div class=\"gmail_default\" style=\"text-align: left;\">\n<p>He holds a PhD in Philosophy and Educational Sciences and is a member of the Pedagogical Research Group on the Person. He is a permanent collaborator of the Tratado de Educaci\u00f3n Personalizada directed by V\u00edctor Garc\u00eda Hoz.<\/p>\n<p>He has collaborated with Impuls in the Delphi report on personalisation and in an opinion article in the magazine Di\u00e0legs.<\/p>\n<\/div>\n<div class=\"fusion-alignright\"><a class=\"fusion-button button-flat fusion-button-default-size button-default fusion-button-default button-3 fusion-button-default-span fusion-button-default-type\" target=\"_self\" href=\"#\" data-toggle=\"modal\" data-target=\".fusion-modal.abernal\"><span class=\"fusion-button-text awb-button__text awb-button__text--default\">+ Info<\/span><\/a><\/div>\n<\/div><\/div><\/div><\/div><\/div><div class=\"fusion-flip-box-wrapper fusion-column col-lg-3 col-md-3 col-sm-3\"><div class=\"fusion-flip-box flip-right\" tabindex=\"0\"><div class=\"flip-box-inner-wrapper\"><div class=\"flip-box-front\" style=\"--awb-background-color-front:#efefef;--awb-title-front-color:48626f;--awb-text-front-color:#48626f;\"><div class=\"flip-box-front-inner\"><div class=\"flip-box-grafix flip-box-image\"><img decoding=\"async\" src=\"https:\/\/impulseducacio.org\/wp-content\/uploads\/2024\/12\/6.-Francesc-Balague.jpg\" width=\"800\" height=\"800\" alt=\"\" \/><\/div><h3 class=\"flip-box-heading\">Francesc Balagu\u00e9<\/h3>Academic Director of the Culinary Institute of Barcelona<\/div><\/div><div class=\"flip-box-back\" style=\"--awb-background-color-back:#48626f;--awb-text-back-color:#efefef;\"><div class=\"flip-box-back-inner\"><h3 class=\"flip-box-heading-back\">Francesc Balagu\u00e9<\/h3>\n<div class=\"gmail_default\" style=\"text-align: left;\">\n<p>He is an expert in the design of learning experiences, creativity and innovation.<\/p>\n<p>He has collaborated with Impuls with an interview for Di\u00e0legs magazine.<\/p>\n<\/div>\n<div class=\"fusion-alignright\"><a class=\"fusion-button button-flat fusion-button-default-size button-default fusion-button-default button-4 fusion-button-default-span fusion-button-default-type\" target=\"_self\" href=\"#\" data-toggle=\"modal\" data-target=\".fusion-modal.francesc\"><span class=\"fusion-button-text awb-button__text awb-button__text--default\">+ Info<\/span><\/a><\/div>\n<\/div><\/div><\/div><\/div><\/div><div class=\"fusion-flip-box-wrapper fusion-column col-lg-3 col-md-3 col-sm-3\"><div class=\"fusion-flip-box flip-right\" tabindex=\"0\"><div class=\"flip-box-inner-wrapper\"><div class=\"flip-box-front\" style=\"--awb-background-color-front:#efefef;--awb-title-front-color:48626f;--awb-text-front-color:#48626f;\"><div class=\"flip-box-front-inner\"><div class=\"flip-box-grafix flip-box-image\"><img decoding=\"async\" src=\"https:\/\/impulseducacio.org\/wp-content\/uploads\/2024\/12\/4.-David-Bernal.jpg\" width=\"800\" height=\"800\" alt=\"\" \/><\/div><h3 class=\"flip-box-heading\">David Bernal<\/h3>Pedagogical Director of FEDAC<\/div><\/div><div class=\"flip-box-back\" style=\"--awb-background-color-back:#48626f;--awb-text-back-color:#efefef;\"><div class=\"flip-box-back-inner\"><h3 class=\"flip-box-heading-back\">David Bernal<\/h3>\n<p style=\"text-align: left;\">He is an expert in game-based learning.<\/p>\n<p style=\"text-align: left;\">He has collaborated with Impuls with an interview for Di\u00e0legs magazine and Campus.<\/p>\n<div class=\"fusion-alignright\"><a class=\"fusion-button button-flat fusion-button-default-size button-default fusion-button-default button-5 fusion-button-default-span fusion-button-default-type\" target=\"_self\" href=\"#\" data-toggle=\"modal\" data-target=\".fusion-modal.dbernal\"><span class=\"fusion-button-text awb-button__text awb-button__text--default\">+ Info<\/span><\/a><\/div>\n<\/div><\/div><\/div><\/div><\/div><div class=\"fusion-flip-box-wrapper fusion-column col-lg-3 col-md-3 col-sm-3\"><div class=\"fusion-flip-box flip-right\" tabindex=\"0\"><div class=\"flip-box-inner-wrapper\"><div class=\"flip-box-front\" style=\"--awb-background-color-front:#efefef;--awb-title-front-color:48626f;--awb-text-front-color:#48626f;\"><div class=\"flip-box-front-inner\"><div class=\"flip-box-grafix flip-box-image\"><img decoding=\"async\" src=\"https:\/\/impulseducacio.org\/wp-content\/uploads\/2024\/12\/3.-Gilberto-Pinzon.jpg\" width=\"800\" height=\"800\" alt=\"\" \/><\/div><h3 class=\"flip-box-heading\">Gilberto Pinz\u00f3n<\/h3>Chair of Neuroeducation at the UB<\/div><\/div><div class=\"flip-box-back\" style=\"--awb-background-color-back:#48626f;--awb-text-back-color:#efefef;\"><div class=\"flip-box-back-inner\"><h3 class=\"flip-box-heading-back\">Gilberto Pinz\u00f3n<\/h3>\n<p style=\"text-align: left;\">He is co-founder of Education First (Edu1st) and member of the monitoring committee of the University of Barcelona.<\/p>\n<p style=\"text-align: left;\">He has collaborated with Impuls with an interview for Di\u00e0legs magazine.<\/p>\n<div class=\"fusion-alignright\"><a class=\"fusion-button button-flat fusion-button-default-size button-default fusion-button-default button-6 fusion-button-default-span fusion-button-default-type\" target=\"_self\" href=\"#\" data-toggle=\"modal\" data-target=\".fusion-modal.pinzon\"><span class=\"fusion-button-text awb-button__text awb-button__text--default\">+ Info<\/span><\/a><\/div><\/div><\/div><\/div><\/div><\/div><div class=\"fusion-flip-box-wrapper fusion-column col-lg-3 col-md-3 col-sm-3\"><div class=\"fusion-flip-box flip-right\" tabindex=\"0\"><div class=\"flip-box-inner-wrapper\"><div class=\"flip-box-front\" style=\"--awb-background-color-front:#efefef;--awb-title-front-color:48626f;--awb-text-front-color:#48626f;\"><div class=\"flip-box-front-inner\"><div class=\"flip-box-grafix flip-box-image\"><img decoding=\"async\" src=\"https:\/\/impulseducacio.org\/wp-content\/uploads\/2024\/12\/2.-Miquel-Angel-Prats.jpg\" width=\"800\" height=\"800\" alt=\"\" \/><\/div><h3 class=\"flip-box-heading\">Miquel \u00c0ngel Prats<\/h3>PhD in Pedagogy at URL<\/div><\/div><div class=\"flip-box-back\" style=\"--awb-background-color-back:#48626f;--awb-text-back-color:#efefef;\"><div class=\"flip-box-back-inner\"><h3 class=\"flip-box-heading-back\">Miquel \u00c0ngel Prats<\/h3>\n<p style=\"text-align: left;\">He is a lecturer in educational technology and academic coordinator of the Master&#8217;s Degree in Leadership in Educational Innovation and Management of Educational Centres.<\/p>\n<p style=\"text-align: left;\">He has collaborated with Impuls in the Delphi report on educational technology and in an interview for the magazine di\u00e0legs.<\/p>\n<div class=\"fusion-alignright\"><a class=\"fusion-button button-flat fusion-button-default-size button-default fusion-button-default button-7 fusion-button-default-span fusion-button-default-type\" target=\"_self\" href=\"#\" data-toggle=\"modal\" data-target=\".fusion-modal.angelprats\"><span class=\"fusion-button-text awb-button__text awb-button__text--default\">+ Info<\/span><\/a><\/div>\n<\/div><\/div><\/div><\/div><\/div><div class=\"fusion-flip-box-wrapper fusion-column col-lg-3 col-md-3 col-sm-3\"><div class=\"fusion-flip-box flip-right\" tabindex=\"0\"><div class=\"flip-box-inner-wrapper\"><div class=\"flip-box-front\" style=\"--awb-background-color-front:#efefef;--awb-title-front-color:48626f;--awb-text-front-color:#48626f;\"><div class=\"flip-box-front-inner\"><div class=\"flip-box-grafix flip-box-image\"><img decoding=\"async\" src=\"https:\/\/impulseducacio.org\/wp-content\/uploads\/2021\/10\/Web_Javeir-Bahon-1.jpg\" width=\"800\" height=\"800\" alt=\"\" \/><\/div><h3 class=\"flip-box-heading\">Javier Bah\u00f3n<\/h3>CEO of Lab Educate T\u00dainnovas<\/div><\/div><div class=\"flip-box-back\" style=\"--awb-background-color-back:#48626f;--awb-text-back-color:#efefef;\"><div class=\"flip-box-back-inner\"><h3 class=\"flip-box-heading-back\">Javier Bah\u00f3n<\/h3>\n<div class=\"gmail_default\" style=\"text-align: left;\">\n<p>He is co-director of the International Centre for Cooperative Learning. Speaker, trainer, coach and mediator on educational innovation. He collaborates with the Savia and M\u00e1s Savia projects.<\/p>\n<p>He has collaborated with Impuls in the Delphi report on thinking and with an opinion article for the magazine Di\u00e0legs.<\/p>\n<\/div>\n<div class=\"fusion-alignright\"><a class=\"fusion-button button-flat fusion-button-default-size button-default fusion-button-default button-8 fusion-button-default-span fusion-button-default-type\" target=\"_self\" href=\"#\" data-toggle=\"modal\" data-target=\".fusion-modal.bahon\"><span class=\"fusion-button-text awb-button__text awb-button__text--default\">+ Info<\/span><\/a><\/div>\n<\/div><\/div><\/div><\/div><\/div><div class=\"fusion-flip-box-wrapper fusion-column col-lg-3 col-md-3 col-sm-3\"><div class=\"fusion-flip-box flip-right\" tabindex=\"0\"><div class=\"flip-box-inner-wrapper\"><div class=\"flip-box-front\" style=\"--awb-background-color-front:#efefef;--awb-title-front-color:48626f;--awb-text-front-color:#48626f;\"><div class=\"flip-box-front-inner\"><div class=\"flip-box-grafix flip-box-image\"><img decoding=\"async\" src=\"https:\/\/impulseducacio.org\/wp-content\/uploads\/2022\/11\/Impuls_Joan-Anton-Sanchez.jpg\" width=\"800\" height=\"800\" alt=\"\" \/><\/div><h3 class=\"flip-box-heading\">Joan Anton S\u00e1nchez<\/h3>PhD in Pedagogy from UAB<\/div><\/div><div class=\"flip-box-back\" style=\"--awb-background-color-back:#48626f;--awb-text-back-color:#efefef;\"><div class=\"flip-box-back-inner\"><h3 class=\"flip-box-heading-back\">Joan Anton S\u00e1nchez<\/h3>\n<p style=\"text-align: left;\">Professor attached to the Department of Didactics and Educational Organisation at the University of Barcelona (UB) and coordinator of the project \u201cInter-university proposal for initial teacher training in digital technologies\u201d.<\/p>\n<p style=\"text-align: left;\">He has collaborated with Impuls in the Delphi report on educational technology and its roundtable. He has also participated in the magazine di\u00e0legs.<\/p>\n<div class=\"fusion-alignright\"><a class=\"fusion-button button-flat fusion-button-default-size button-default fusion-button-default button-9 fusion-button-default-span fusion-button-default-type\" target=\"_self\" href=\"#\" data-toggle=\"modal\" data-target=\".fusion-modal.anton\"><span class=\"fusion-button-text awb-button__text awb-button__text--default\">+ Info<\/span><\/a><\/div>\n<\/div><\/div><\/div><\/div><\/div><div class=\"fusion-flip-box-wrapper fusion-column col-lg-3 col-md-3 col-sm-3\"><div class=\"fusion-flip-box flip-right\" tabindex=\"0\"><div class=\"flip-box-inner-wrapper\"><div class=\"flip-box-front\" style=\"--awb-background-color-front:#efefef;--awb-title-front-color:48626f;--awb-text-front-color:#48626f;\"><div class=\"flip-box-front-inner\"><div class=\"flip-box-grafix flip-box-image\"><img decoding=\"async\" src=\"https:\/\/impulseducacio.org\/wp-content\/uploads\/2021\/10\/Web_Ana-Maria-Fernandez-1.jpg\" width=\"800\" height=\"800\" alt=\"\" \/><\/div><h3 class=\"flip-box-heading\">Ana Mar\u00eda Fern\u00e1ndez<\/h3>Chair of Neuroeducation at UB-Edu1st<\/div><\/div><div class=\"flip-box-back\" style=\"--awb-background-color-back:#48626f;--awb-text-back-color:#efefef;\"><div class=\"flip-box-back-inner\"><h3 class=\"flip-box-heading-back\">Ana Mar\u00eda Fern\u00e1ndez<\/h3>\n<p style=\"text-align: left;\">Founder of Edu1st and creator of the VESS model. International consultant on thinking as a pedagogical strategy and thinking cultures. Lecturer on thinking issues.<\/p>\n<p style=\"text-align: left;\">He has collaborated with Impuls in the Delphi report on thinking and with an interview for the magazine Di\u00e0legs.<\/p>\n<div class=\"fusion-alignright\"><a class=\"fusion-button button-flat fusion-button-default-size button-default fusion-button-default button-10 fusion-button-default-span fusion-button-default-type\" target=\"_self\" href=\"#\" data-toggle=\"modal\" data-target=\".fusion-modal.anamaria\"><span class=\"fusion-button-text awb-button__text awb-button__text--default\">+ Info<\/span><\/a><\/div>\n<\/div><\/div><\/div><\/div><\/div><\/div><div class=\"clearfix\"><\/div><div class=\"fusion-modal modal fade modal-1 guyclaxton\" tabindex=\"-1\" role=\"dialog\" aria-labelledby=\"modal-heading-1\" aria-hidden=\"true\" style=\"--awb-border-color:#efefef;--awb-background:#efefef;\"><div class=\"modal-dialog modal-lg\" role=\"document\"><div class=\"modal-content fusion-modal-content\"><div class=\"modal-header\"><button class=\"close\" type=\"button\" data-dismiss=\"modal\" aria-hidden=\"true\" aria-label=\"Close\">&times;<\/button><h3 class=\"modal-title\" id=\"modal-heading-1\" data-dismiss=\"modal\" aria-hidden=\"true\">Guy Claxton<\/h3><\/div><div class=\"modal-body fusion-clearfix\">\n<div title=\"Page 6\">\n<p>He is a British cognitive scientist and educationalist. He has a special interest in rethinking schooling to better prepare for a lifetime of learning for all young people, not just the academically inclined elite. He is a graduate of Cambridge and Oxford Universities.<\/p>\n<p>His books include &#8220;The Future of Teaching&#8221; (Routledge, 2021), &#8220;Learning Power Approach&#8221; (Crown House Publishing, 2018) and &#8220;Intelligence in the Flesh&#8221; (Yale University Press, 2015).<\/p>\n<p>His practical approach to the power of learning has influenced schools around the world.<\/p>\n<\/div>\n<\/div><\/div><\/div><\/div><div class=\"fusion-modal modal fade modal-2 angelprats\" tabindex=\"-1\" role=\"dialog\" aria-labelledby=\"modal-heading-2\" aria-hidden=\"true\" style=\"--awb-border-color:#efefef;--awb-background:#efefef;\"><div class=\"modal-dialog modal-lg\" role=\"document\"><div class=\"modal-content fusion-modal-content\"><div class=\"modal-header\"><button class=\"close\" type=\"button\" data-dismiss=\"modal\" aria-hidden=\"true\" aria-label=\"Close\">&times;<\/button><h3 class=\"modal-title\" id=\"modal-heading-2\" data-dismiss=\"modal\" aria-hidden=\"true\">Miquel \u00c0ngel Prats<\/h3><\/div><div class=\"modal-body fusion-clearfix\">\n<p>He is a teacher, psychopedagogue and PhD in Pedagogy from the Blanquerna Faculty of Psychology, Education Sciences and Sport at Ramon Llull University (URL). He is a lecturer in educational technology and academic coordinator of the Master&#8217;s Degree in Leadership in Educational Innovation and Management of Educational Centres.<\/p>\n<p>He is the researcher responsible for the eduTIC line of the consolidated research group PSiTIC (Pedagogy, Society, Innovation and ICT) of the FPCEE Blanquerna at Ramon Llull University. Expert in educational innovation leadership with ICT support and digital competence. Main author of the Hybrid Education project at the Jaume Bofill Foundation in Barcelona. In 2020, he was awarded the XXX Joan Profit\u00f3s Pedagogical Essay Prize.<\/p>\n<p>Author of \u201cViure en digital. Com eduquem per al m\u00f3n d\u2019avui\u201d (2022, Eumo), \u201cDise\u00f1o y aplicaci\u00f3n de la flipped classroom\u201d (2017, Gra\u00f3) and \u201cQu\u00e8, quan i com ensenyar les compet\u00e8ncies b\u00e0siques a prim\u00e0ria\u201d (2011, Gra\u00f3).<\/p>\n<\/div><\/div><\/div><\/div><div class=\"fusion-modal modal fade modal-3 anton\" tabindex=\"-1\" role=\"dialog\" aria-labelledby=\"modal-heading-3\" aria-hidden=\"true\" style=\"--awb-border-color:#efefef;--awb-background:#efefef;\"><div class=\"modal-dialog modal-lg\" role=\"document\"><div class=\"modal-content fusion-modal-content\"><div class=\"modal-header\"><button class=\"close\" type=\"button\" data-dismiss=\"modal\" aria-hidden=\"true\" aria-label=\"Close\">&times;<\/button><h3 class=\"modal-title\" id=\"modal-heading-3\" data-dismiss=\"modal\" aria-hidden=\"true\">Joan Anton S\u00e1nchez<\/h3><\/div><div class=\"modal-body fusion-clearfix\">\n<p>PhD in Pedagogy from the Autonomous University of Barcelona (UAB). Associate Professor in the Department of Didactics and Educational Organisation at the University of Barcelona (UB). Coordinator of the university master\u2019s degree in \u201cTeaching and Learning Environments with Digital Technologies\u201d.<\/p>\n<p>Coordinator of the project \u201cInter-university proposal for initial teacher training in digital technologies\u201d (2015 ARMIF 00027). Member of the consolidated research group \u201c<span style=\"color: #33cccc;\"><a style=\"color: #33cccc;\" href=\"https:\/\/esbrina.eu\/en\/home\/\">Esbrina. Subjectivisms, visualities and contemporary educational environments<\/a><\/span>\u201d (2017 SGR 1248).<\/p>\n<p>Co-author of the book \u201cAula virtual o c\u00f3mo plantear las clases a distancia y no morir en el intento\u201d (2021, Cuadernos de Pedagog\u00eda). Co-author of the articles: \u201cFour decades of policies to integrate digital technologies in the classroom in Catalonia: actions, achievements and failures\u201d (2020, Digital Education Review) and \u201cFostering digital teaching competence at university: Perception of students and teachers\u201d (2020, Revista de Investigaci\u00f3n Educativa).<\/p>\n<\/div><\/div><\/div><\/div><div class=\"fusion-modal modal fade modal-4 anamaria\" tabindex=\"-1\" role=\"dialog\" aria-labelledby=\"modal-heading-4\" aria-hidden=\"true\" style=\"--awb-border-color:#efefef;--awb-background:#efefef;\"><div class=\"modal-dialog modal-lg\" role=\"document\"><div class=\"modal-content fusion-modal-content\"><div class=\"modal-header\"><button class=\"close\" type=\"button\" data-dismiss=\"modal\" aria-hidden=\"true\" aria-label=\"Close\">&times;<\/button><h3 class=\"modal-title\" id=\"modal-heading-4\" data-dismiss=\"modal\" aria-hidden=\"true\">Ana Mar\u00eda Fern\u00e1ndez<\/h3><\/div><div class=\"modal-body fusion-clearfix\">\n<p>Graduate in Early Childhood Education and founder of <a href=\"https:\/\/edu1stvess.com\/en\/\">Edu1st<\/a>. Postgraduate lecturer in Neuroeducation at the University of Barcelona (UB). Creator of the VESS model (Balanced Life with Sense and Wisdom). Chair of Neuroeducation UB-Edu1st, Barcelona.<\/p>\n<p>International consultant specialising in thinking as a pedagogical strategy and in thinking cultures. Lecturer on thinking, ICOT (2009\/2011\/2013\/2015\/201) and II International Congress on Neuroeducation, Barcelona.<\/p>\n<p>She has contributed articles to books such as \u201cLa pr\u00e1ctica educativa con mirada neurocient\u00edfica\u201d, chapter 1 (2022, Horsori).<\/p>\n<\/div><\/div><\/div><\/div><div class=\"fusion-modal modal fade modal-5 pinzon\" tabindex=\"-1\" role=\"dialog\" aria-labelledby=\"modal-heading-5\" aria-hidden=\"true\" style=\"--awb-border-color:#efefef;--awb-background:#efefef;\"><div class=\"modal-dialog modal-lg\" role=\"document\"><div class=\"modal-content fusion-modal-content\"><div class=\"modal-header\"><button class=\"close\" type=\"button\" data-dismiss=\"modal\" aria-hidden=\"true\" aria-label=\"Close\">&times;<\/button><h3 class=\"modal-title\" id=\"modal-heading-5\" data-dismiss=\"modal\" aria-hidden=\"true\">Gilberto Pinz\u00f3n<\/h3><\/div><div class=\"modal-body fusion-clearfix\">\n<p>He is co-founder of Education First (Edu1st). As a co-founder of an organisation that operates in six schools in South Florida, he is also involved in the development of educational programmes and methodologies used by schools in the USA, Latin America and Europe to promote thinking skills, habits and mental dispositions. Its leadership in the design and implementation of Edu-1st&#8217;s strategic plan has positioned it as a leading organisation in advanced education with a network of over 100 schools on 3 continents.<\/p>\n<p>He is the promoter and member of the monitoring committee and professor of the Chair of Neuroeducation at the University of Barcelona (UB). He studied a Master in Business Administration MBA at the Atlantic International University of Florida, in the United States.<\/p>\n<\/div><\/div><\/div><\/div><div class=\"fusion-modal modal fade modal-6 dbernal\" tabindex=\"-1\" role=\"dialog\" aria-labelledby=\"modal-heading-6\" aria-hidden=\"true\" style=\"--awb-border-color:#efefef;--awb-background:#efefef;\"><div class=\"modal-dialog modal-lg\" role=\"document\"><div class=\"modal-content fusion-modal-content\"><div class=\"modal-header\"><button class=\"close\" type=\"button\" data-dismiss=\"modal\" aria-hidden=\"true\" aria-label=\"Close\">&times;<\/button><h3 class=\"modal-title\" id=\"modal-heading-6\" data-dismiss=\"modal\" aria-hidden=\"true\">David Bernal<\/h3><\/div><div class=\"modal-body fusion-clearfix\">\n<p>He is an educator in FEDAC schools. Currently, he develops the role of pedagogical director in the FEDAC Canet School (Canet de Mar). He collaborates developing innovation and improvement programmes within the same institution.<\/p>\n<p>He combines his work as an educator with teacher training, one of his specialities is Game-Based Learning. Member of the association Laboratorio de Juegos.<\/p>\n<\/div><\/div><\/div><\/div><div class=\"fusion-modal modal fade modal-7 rossy\" tabindex=\"-1\" role=\"dialog\" aria-labelledby=\"modal-heading-7\" aria-hidden=\"true\" style=\"--awb-border-color:#efefef;--awb-background:#efefef;\"><div class=\"modal-dialog modal-lg\" role=\"document\"><div class=\"modal-content fusion-modal-content\"><div class=\"modal-header\"><button class=\"close\" type=\"button\" data-dismiss=\"modal\" aria-hidden=\"true\" aria-label=\"Close\">&times;<\/button><h3 class=\"modal-title\" id=\"modal-heading-7\" data-dismiss=\"modal\" aria-hidden=\"true\">Miquel Rossy<\/h3><\/div><div class=\"modal-body fusion-clearfix\">\n<p>He is a school branding consultant and graphic designer. Through School Branding, he collaborates with schools to develop the value of their brand, through the enhancement of the personal brand of the teaching staff. He advises schools on brand management, identity communication, positioning and corporate culture.<\/p>\n<p>A graduate in Catalan philology from the University of Barcelona, he worked for many years as a teacher of Catalan language and literature at secondary school and high school. He currently works on creating institutional identities, especially for foundations and organisations linked to the field of education.<\/p>\n<p>Author of the books \u201c<span style=\"color: #33cccc;\"><a style=\"color: #33cccc;\" href=\"https:\/\/www.amazon.es\/Profes-que-marcan-reputaci%C3%B3n-Empresarial\/dp\/8410221233\">Profes que marcan<\/a><\/span>\u201d (LID, 2024), \u201cEl secreto del marketing educativo\u201d (Santillana Educaci\u00f3n, 2020) and \u201cLa teva escola, una gran marca\u201d (Branding escolar, 2016).<\/p>\n<\/div><\/div><\/div><\/div><div class=\"fusion-modal modal fade modal-8 abernal\" tabindex=\"-1\" role=\"dialog\" aria-labelledby=\"modal-heading-8\" aria-hidden=\"true\" style=\"--awb-border-color:#efefef;--awb-background:#efefef;\"><div class=\"modal-dialog modal-lg\" role=\"document\"><div class=\"modal-content fusion-modal-content\"><div class=\"modal-header\"><button class=\"close\" type=\"button\" data-dismiss=\"modal\" aria-hidden=\"true\" aria-label=\"Close\">&times;<\/button><h3 class=\"modal-title\" id=\"modal-heading-8\" data-dismiss=\"modal\" aria-hidden=\"true\">Antonio Bernal<\/h3><\/div><div class=\"modal-body fusion-clearfix\">\n<p>PhD in Philosophy and Educational Sciences. Professor at the University of Seville in Theory and History of Education and Social Pedagogy.<\/p>\n<p>Member of the Pedagogical Research Group on the Person at the University of Seville.<\/p>\n<p>He has published numerous articles on personalised education. Permanent contributor to the Tratado de Educaci\u00f3n Personalizada directed by V\u00edctor Garc\u00eda Hoz, participating in volumes 3, 5, 11, 16, 31, 32 and 33.<\/p>\n<p>Author of &#8220;<span id=\"productTitle\" data-csa-c-id=\"8qiayq-hp8ifp-ps6ekm-lj3ds8\" data-cel-widget=\"productTitle\">Identidad emprendedora&#8221; (Tirant lo Blanch, 2022) or <\/span>&#8220;Educaci\u00f3n Emprendedora&#8221; (Sintesis, 2021). Co-author of &#8220;Formaci\u00f3n continua&#8221; (Sintesis, 2019), among others.<\/p>\n<\/div><\/div><\/div><\/div><div class=\"fusion-modal modal fade modal-9 bahon\" tabindex=\"-1\" role=\"dialog\" aria-labelledby=\"modal-heading-9\" aria-hidden=\"true\" style=\"--awb-border-color:#efefef;--awb-background:#efefef;\"><div class=\"modal-dialog modal-lg\" role=\"document\"><div class=\"modal-content fusion-modal-content\"><div class=\"modal-header\"><button class=\"close\" type=\"button\" data-dismiss=\"modal\" aria-hidden=\"true\" aria-label=\"Close\">&times;<\/button><h3 class=\"modal-title\" id=\"modal-heading-9\" data-dismiss=\"modal\" aria-hidden=\"true\">Javier Bah\u00f3n<\/h3><\/div><div class=\"modal-body fusion-clearfix\">\n<p>Teacher and pedagogue. CEO of T\u00dainnovas Educational Lab and co-director of the International Cooperative Learning Centre. Speaker, trainer, coach and mediator in educational innovation.<\/p>\n<p>Collaborator in the SM Savia and M\u00e1s Savia (Mediadores del Pensamiento) projects.<\/p>\n<p>Author of &#8220;<span id=\"productTitle\" data-csa-c-id=\"yxz40o-cy5x08-hk14c5-gzsv00\" data-cel-widget=\"productTitle\">\u00a1Nos roban la selva!&#8221; (Editorial T\u00dainnovas, 2023), <\/span>\u201cLa escuela ante el espejo\u201d (Innovaci\u00f3n Educativa <span class=\"hiddenSpellError\">SM, 2019<\/span>) and \u201cMediadores del Pensamiento\u201d (Innovaci\u00f3n Educativa <span class=\"hiddenSpellError\">SM, 2018<\/span>)<span id=\"caret_pos_holder\"><\/span>.<\/p>\n<\/div><\/div><\/div><\/div><div class=\"fusion-modal modal fade modal-10 francesc\" tabindex=\"-1\" role=\"dialog\" aria-labelledby=\"modal-heading-10\" aria-hidden=\"true\" style=\"--awb-border-color:#efefef;--awb-background:#efefef;\"><div class=\"modal-dialog modal-lg\" role=\"document\"><div class=\"modal-content fusion-modal-content\"><div class=\"modal-header\"><button class=\"close\" type=\"button\" data-dismiss=\"modal\" aria-hidden=\"true\" aria-label=\"Close\">&times;<\/button><h3 class=\"modal-title\" id=\"modal-heading-10\" data-dismiss=\"modal\" aria-hidden=\"true\">Francesc Balagu\u00e9<\/h3><\/div><div class=\"modal-body fusion-clearfix\">\n<p>He is currently the academic director of the CIB-Culinary Institute of Barcelona. Teacher of primary education, psychopedagogue and doctor in educational multimedia.<\/p>\n<p>Specialised in the design of learning experiences, creativity and innovation, he has carried out training at all levels and has been an entrepreneur. Co-author of &#8220;<span id=\"productTitle\" data-csa-c-id=\"wxoy7u-8t9vrv-xrba75-y31myw\" data-cel-widget=\"productTitle\">Usos educatius dels blogs&#8221; (Editorial UOC, 2008).<\/span><\/p>\n<\/div><\/div><\/div><\/div><div class=\"fusion-text fusion-text-2\"><h3 class=\"fusion-responsive-typography-calculated\" data-fontsize=\"30\" data-lineheight=\"39px\">Experts by subject<\/h3>\n<\/div><div class=\"fusion-image-carousel fusion-image-carousel-auto fusion-image-carousel-1 fusion-carousel-border awb-image-carousel-top-below-caption\"><div class=\"awb-carousel awb-swiper awb-swiper-carousel awb-carousel--carousel awb-swiper-dots-position-bottom awb-imageframe-style awb-imageframe-style-below awb-imageframe-style-1\" data-layout=\"carousel\" data-autoplay=\"no\" data-autoplayspeed=\"2500\" data-autoplaypause=\"no\" data-columns=\"3\" data-columnsmedium=\"1\" data-columnssmall=\"1\" data-itemmargin=\"13\" data-itemwidth=\"180\" data-touchscroll=\"no\" data-freemode=\"no\" data-imagesize=\"auto\" data-scrollitems=\"0\" data-centeredslides=\"no\" data-rotationangle=\"50\" data-depth=\"100\" data-speed=\"500\" data-shadow=\"no\" data-pagination=\"bullets\" style=\"--awb-columns:3;--awb-border-width:1px;--awb-border-color:#e9eaee;--awb-caption-title-font-family:&quot;Open Sans&quot;;--awb-caption-title-font-style:normal;--awb-caption-title-font-weight:400;\"><div class=\"swiper-wrapper awb-image-carousel-wrapper fusion-flex-align-items-center\"><div class=\"swiper-slide\"><div class=\"fusion-carousel-item-wrapper\"><div class=\"fusion-image-wrapper hover-type-none\"><a href=\"https:\/\/impulseducacio.org\/en\/collaborators-critical-thinking\/\" target=\"_self\"><img decoding=\"async\" width=\"2560\" height=\"1281\" src=\"https:\/\/impulseducacio.org\/wp-content\/uploads\/2022\/07\/Portada-pensamiento-critico_duotono-1-scaled.jpg\" class=\"attachment-full size-full\" alt=\"Experts educaci\u00f3 sobre pensament cr\u00edtic\" srcset=\"https:\/\/impulseducacio.org\/wp-content\/uploads\/2022\/07\/Portada-pensamiento-critico_duotono-1-200x100.jpg 200w, https:\/\/impulseducacio.org\/wp-content\/uploads\/2022\/07\/Portada-pensamiento-critico_duotono-1-400x200.jpg 400w, https:\/\/impulseducacio.org\/wp-content\/uploads\/2022\/07\/Portada-pensamiento-critico_duotono-1-600x300.jpg 600w, https:\/\/impulseducacio.org\/wp-content\/uploads\/2022\/07\/Portada-pensamiento-critico_duotono-1-800x400.jpg 800w, https:\/\/impulseducacio.org\/wp-content\/uploads\/2022\/07\/Portada-pensamiento-critico_duotono-1-1200x600.jpg 1200w, https:\/\/impulseducacio.org\/wp-content\/uploads\/2022\/07\/Portada-pensamiento-critico_duotono-1-scaled.jpg 2560w\" sizes=\"(min-width: 2200px) 100vw, (min-width: 784px) 418px, (min-width: 712px) 627px, (min-width: 640px) 712px, \" \/><\/a><\/div><div class=\"awb-imageframe-caption-container\"><div class=\"awb-imageframe-caption\"><h5 class=\"awb-imageframe-caption-title\">Critical and Creative Thinking<\/h5><\/div><\/div><\/div><\/div><div class=\"swiper-slide\"><div class=\"fusion-carousel-item-wrapper\"><div class=\"fusion-image-wrapper hover-type-none\"><a href=\"https:\/\/impulseducacio.org\/en\/collaborators-educating-for-being\/\" target=\"_self\"><img decoding=\"async\" width=\"1170\" height=\"586\" src=\"https:\/\/impulseducacio.org\/wp-content\/uploads\/2025\/01\/Portada-web_FTorralba.png\" class=\"attachment-full size-full\" alt=\"\" srcset=\"https:\/\/impulseducacio.org\/wp-content\/uploads\/2025\/01\/Portada-web_FTorralba-200x100.png 200w, https:\/\/impulseducacio.org\/wp-content\/uploads\/2025\/01\/Portada-web_FTorralba-400x200.png 400w, https:\/\/impulseducacio.org\/wp-content\/uploads\/2025\/01\/Portada-web_FTorralba-600x301.png 600w, https:\/\/impulseducacio.org\/wp-content\/uploads\/2025\/01\/Portada-web_FTorralba-800x401.png 800w, https:\/\/impulseducacio.org\/wp-content\/uploads\/2025\/01\/Portada-web_FTorralba.png 1170w\" sizes=\"(min-width: 2200px) 100vw, (min-width: 784px) 418px, (min-width: 712px) 627px, (min-width: 640px) 712px, \" \/><\/a><\/div><div class=\"awb-imageframe-caption-container\"><div class=\"awb-imageframe-caption\"><h5 class=\"awb-imageframe-caption-title\">Educating for Being<\/h5><\/div><\/div><\/div><\/div><div class=\"swiper-slide\"><div class=\"fusion-carousel-item-wrapper\"><div class=\"fusion-image-wrapper hover-type-none\"><a href=\"https:\/\/impulseducacio.org\/en\/collaborators-teacher-training\/\" target=\"_self\"><img decoding=\"async\" width=\"1011\" height=\"506\" src=\"https:\/\/impulseducacio.org\/wp-content\/uploads\/2024\/12\/Portada-colaboradores-formacion-docente.jpg\" class=\"attachment-full size-full\" alt=\"Experts educaci\u00f3 sobre pensament cr\u00edtic\" srcset=\"https:\/\/impulseducacio.org\/wp-content\/uploads\/2024\/12\/Portada-colaboradores-formacion-docente-200x100.jpg 200w, https:\/\/impulseducacio.org\/wp-content\/uploads\/2024\/12\/Portada-colaboradores-formacion-docente-400x200.jpg 400w, https:\/\/impulseducacio.org\/wp-content\/uploads\/2024\/12\/Portada-colaboradores-formacion-docente-600x300.jpg 600w, https:\/\/impulseducacio.org\/wp-content\/uploads\/2024\/12\/Portada-colaboradores-formacion-docente-800x400.jpg 800w, https:\/\/impulseducacio.org\/wp-content\/uploads\/2024\/12\/Portada-colaboradores-formacion-docente.jpg 1011w\" sizes=\"(min-width: 2200px) 100vw, (min-width: 784px) 418px, (min-width: 712px) 627px, (min-width: 640px) 712px, \" \/><\/a><\/div><div class=\"awb-imageframe-caption-container\"><div class=\"awb-imageframe-caption\"><h5 class=\"awb-imageframe-caption-title\">Teacher Training<\/h5><\/div><\/div><\/div><\/div><div class=\"swiper-slide\"><div class=\"fusion-carousel-item-wrapper\"><div class=\"fusion-image-wrapper hover-type-none\"><a href=\"https:\/\/impulseducacio.org\/en\/collaborators-creativity\/\" target=\"_self\"><img decoding=\"async\" width=\"1280\" height=\"622\" src=\"https:\/\/impulseducacio.org\/wp-content\/uploads\/2022\/11\/Portada-creatividad-1.jpg\" class=\"attachment-full size-full\" alt=\"Experts educaci\u00f3 sobre pensament cr\u00edtic\" srcset=\"https:\/\/impulseducacio.org\/wp-content\/uploads\/2022\/11\/Portada-creatividad-1-200x97.jpg 200w, https:\/\/impulseducacio.org\/wp-content\/uploads\/2022\/11\/Portada-creatividad-1-400x194.jpg 400w, https:\/\/impulseducacio.org\/wp-content\/uploads\/2022\/11\/Portada-creatividad-1-600x292.jpg 600w, https:\/\/impulseducacio.org\/wp-content\/uploads\/2022\/11\/Portada-creatividad-1-800x389.jpg 800w, https:\/\/impulseducacio.org\/wp-content\/uploads\/2022\/11\/Portada-creatividad-1-1200x583.jpg 1200w, https:\/\/impulseducacio.org\/wp-content\/uploads\/2022\/11\/Portada-creatividad-1.jpg 1280w\" sizes=\"(min-width: 2200px) 100vw, (min-width: 784px) 418px, (min-width: 712px) 627px, (min-width: 640px) 712px, \" \/><\/a><\/div><div class=\"awb-imageframe-caption-container\"><div class=\"awb-imageframe-caption\"><h5 class=\"awb-imageframe-caption-title\">Creative Thinking<\/h5><\/div><\/div><\/div><\/div><div class=\"swiper-slide\"><div class=\"fusion-carousel-item-wrapper\"><div class=\"fusion-image-wrapper hover-type-none\"><a href=\"https:\/\/impulseducacio.org\/en\/collaborators-STEM\/\" target=\"_self\"><img decoding=\"async\" width=\"900\" height=\"451\" src=\"https:\/\/impulseducacio.org\/wp-content\/uploads\/2022\/07\/Portada_STEM_duotono.jpg\" class=\"attachment-full size-full\" alt=\"Experts educaci\u00f3 STEM\" srcset=\"https:\/\/impulseducacio.org\/wp-content\/uploads\/2022\/07\/Portada_STEM_duotono-200x100.jpg 200w, https:\/\/impulseducacio.org\/wp-content\/uploads\/2022\/07\/Portada_STEM_duotono-400x200.jpg 400w, https:\/\/impulseducacio.org\/wp-content\/uploads\/2022\/07\/Portada_STEM_duotono-600x301.jpg 600w, https:\/\/impulseducacio.org\/wp-content\/uploads\/2022\/07\/Portada_STEM_duotono-800x401.jpg 800w, https:\/\/impulseducacio.org\/wp-content\/uploads\/2022\/07\/Portada_STEM_duotono.jpg 900w\" sizes=\"(min-width: 2200px) 100vw, (min-width: 784px) 418px, (min-width: 712px) 627px, (min-width: 640px) 712px, \" \/><\/a><\/div><div class=\"awb-imageframe-caption-container\"><div class=\"awb-imageframe-caption\"><h5 class=\"awb-imageframe-caption-title\">STEM Education<\/h5><\/div><\/div><\/div><\/div><div class=\"swiper-slide\"><div class=\"fusion-carousel-item-wrapper\"><div class=\"fusion-image-wrapper hover-type-none\"><a href=\"https:\/\/impulseducacio.org\/en\/resilient-education-systems\/\" target=\"_self\"><img decoding=\"async\" width=\"2400\" height=\"1209\" src=\"https:\/\/impulseducacio.org\/wp-content\/uploads\/2022\/11\/Portada-sistemes-educatius-resilients.jpg\" class=\"attachment-full size-full\" alt=\"Experts educaci\u00f3 STEM\" srcset=\"https:\/\/impulseducacio.org\/wp-content\/uploads\/2022\/11\/Portada-sistemes-educatius-resilients-200x101.jpg 200w, https:\/\/impulseducacio.org\/wp-content\/uploads\/2022\/11\/Portada-sistemes-educatius-resilients-400x202.jpg 400w, https:\/\/impulseducacio.org\/wp-content\/uploads\/2022\/11\/Portada-sistemes-educatius-resilients-600x302.jpg 600w, https:\/\/impulseducacio.org\/wp-content\/uploads\/2022\/11\/Portada-sistemes-educatius-resilients-800x403.jpg 800w, https:\/\/impulseducacio.org\/wp-content\/uploads\/2022\/11\/Portada-sistemes-educatius-resilients-1200x605.jpg 1200w, https:\/\/impulseducacio.org\/wp-content\/uploads\/2022\/11\/Portada-sistemes-educatius-resilients.jpg 2400w\" sizes=\"(min-width: 2200px) 100vw, (min-width: 784px) 418px, (min-width: 712px) 627px, (min-width: 640px) 712px, \" \/><\/a><\/div><div class=\"awb-imageframe-caption-container\"><div class=\"awb-imageframe-caption\"><h5 class=\"awb-imageframe-caption-title\">Resilient Education Systems<\/h5><\/div><\/div><\/div><\/div><div class=\"swiper-slide\"><div class=\"fusion-carousel-item-wrapper\"><div class=\"fusion-image-wrapper hover-type-none\"><a href=\"https:\/\/impulseducacio.org\/en\/collaborators-inclusion\/\" target=\"_self\"><img decoding=\"async\" width=\"1300\" height=\"651\" src=\"https:\/\/impulseducacio.org\/wp-content\/uploads\/2022\/07\/Portada-inclusion_duotono-1.jpg\" class=\"attachment-full size-full\" alt=\"Experts en inclusi\u00f3 educativa\" srcset=\"https:\/\/impulseducacio.org\/wp-content\/uploads\/2022\/07\/Portada-inclusion_duotono-1-200x100.jpg 200w, https:\/\/impulseducacio.org\/wp-content\/uploads\/2022\/07\/Portada-inclusion_duotono-1-400x200.jpg 400w, https:\/\/impulseducacio.org\/wp-content\/uploads\/2022\/07\/Portada-inclusion_duotono-1-600x300.jpg 600w, https:\/\/impulseducacio.org\/wp-content\/uploads\/2022\/07\/Portada-inclusion_duotono-1-800x401.jpg 800w, https:\/\/impulseducacio.org\/wp-content\/uploads\/2022\/07\/Portada-inclusion_duotono-1-1200x601.jpg 1200w, https:\/\/impulseducacio.org\/wp-content\/uploads\/2022\/07\/Portada-inclusion_duotono-1.jpg 1300w\" sizes=\"(min-width: 2200px) 100vw, (min-width: 784px) 418px, (min-width: 712px) 627px, (min-width: 640px) 712px, \" \/><\/a><\/div><div class=\"awb-imageframe-caption-container\"><div class=\"awb-imageframe-caption\"><h5 class=\"awb-imageframe-caption-title\">Inclusive Education<\/h5><\/div><\/div><\/div><\/div><div class=\"swiper-slide\"><div class=\"fusion-carousel-item-wrapper\"><div class=\"fusion-image-wrapper hover-type-none\"><a href=\"https:\/\/impulseducacio.org\/en\/collaborators-personalization\/\" target=\"_self\"><img decoding=\"async\" width=\"2560\" height=\"1279\" src=\"https:\/\/impulseducacio.org\/wp-content\/uploads\/2022\/07\/Portada-colaboradores-personalizacion_duotono-1-scaled.jpg\" class=\"attachment-full size-full\" alt=\"Experts en personalitzaci\u00f3 educativa\" srcset=\"https:\/\/impulseducacio.org\/wp-content\/uploads\/2022\/07\/Portada-colaboradores-personalizacion_duotono-1-200x100.jpg 200w, https:\/\/impulseducacio.org\/wp-content\/uploads\/2022\/07\/Portada-colaboradores-personalizacion_duotono-1-400x200.jpg 400w, https:\/\/impulseducacio.org\/wp-content\/uploads\/2022\/07\/Portada-colaboradores-personalizacion_duotono-1-600x300.jpg 600w, https:\/\/impulseducacio.org\/wp-content\/uploads\/2022\/07\/Portada-colaboradores-personalizacion_duotono-1-800x400.jpg 800w, https:\/\/impulseducacio.org\/wp-content\/uploads\/2022\/07\/Portada-colaboradores-personalizacion_duotono-1-1200x600.jpg 1200w, https:\/\/impulseducacio.org\/wp-content\/uploads\/2022\/07\/Portada-colaboradores-personalizacion_duotono-1-scaled.jpg 2560w\" sizes=\"(min-width: 2200px) 100vw, (min-width: 784px) 418px, (min-width: 712px) 627px, (min-width: 640px) 712px, \" \/><\/a><\/div><div class=\"awb-imageframe-caption-container\"><div class=\"awb-imageframe-caption\"><h5 class=\"awb-imageframe-caption-title\">Educational Personalisation<\/h5><\/div><\/div><\/div><\/div><div class=\"swiper-slide\"><div class=\"fusion-carousel-item-wrapper\"><div class=\"fusion-image-wrapper hover-type-none\"><a href=\"https:\/\/impulseducacio.org\/en\/collaborators-technology\/\" target=\"_self\"><img decoding=\"async\" width=\"2016\" height=\"1004\" src=\"https:\/\/impulseducacio.org\/wp-content\/uploads\/2022\/07\/Portada-colaboradores-tecnologia_duotono-1.jpg\" class=\"attachment-full size-full\" alt=\"Experts en tecnologia educativa\" srcset=\"https:\/\/impulseducacio.org\/wp-content\/uploads\/2022\/07\/Portada-colaboradores-tecnologia_duotono-1-200x100.jpg 200w, https:\/\/impulseducacio.org\/wp-content\/uploads\/2022\/07\/Portada-colaboradores-tecnologia_duotono-1-400x199.jpg 400w, https:\/\/impulseducacio.org\/wp-content\/uploads\/2022\/07\/Portada-colaboradores-tecnologia_duotono-1-600x299.jpg 600w, https:\/\/impulseducacio.org\/wp-content\/uploads\/2022\/07\/Portada-colaboradores-tecnologia_duotono-1-800x398.jpg 800w, https:\/\/impulseducacio.org\/wp-content\/uploads\/2022\/07\/Portada-colaboradores-tecnologia_duotono-1-1200x598.jpg 1200w, https:\/\/impulseducacio.org\/wp-content\/uploads\/2022\/07\/Portada-colaboradores-tecnologia_duotono-1.jpg 2016w\" sizes=\"(min-width: 2200px) 100vw, (min-width: 784px) 418px, (min-width: 712px) 627px, (min-width: 640px) 712px, \" \/><\/a><\/div><div class=\"awb-imageframe-caption-container\"><div class=\"awb-imageframe-caption\"><h5 class=\"awb-imageframe-caption-title\">Educational technology<\/h5><\/div><\/div><\/div><\/div><\/div><div class=\"awb-swiper-button awb-swiper-button-prev\"><i class=\"awb-icon-angle-left\" aria-hidden=\"true\"><\/i><\/div><div class=\"awb-swiper-button awb-swiper-button-next\"><i class=\"awb-icon-angle-right\" aria-hidden=\"true\"><\/i><\/div><\/div><\/div><div class=\"fusion-clearfix\"><\/div><\/div><\/div><\/div><\/div><div class=\"fusion-fullwidth fullwidth-box fusion-builder-row-3 fusion-flex-container has-pattern-background has-mask-background nonhundred-percent-fullwidth non-hundred-percent-height-scrolling\" style=\"--awb-border-radius-top-left:0px;--awb-border-radius-top-right:0px;--awb-border-radius-bottom-right:0px;--awb-border-radius-bottom-left:0px;--awb-padding-top:0%;--awb-padding-right:0px;--awb-padding-bottom:0%;--awb-padding-left:0px;--awb-flex-wrap:wrap;\" ><div class=\"fusion-builder-row fusion-row fusion-flex-align-items-flex-start fusion-flex-content-wrap\" style=\"max-width:1331.2px;margin-left: calc(-4% \/ 2 );margin-right: calc(-4% \/ 2 );\"><div class=\"fusion-layout-column fusion_builder_column fusion-builder-column-2 fusion_builder_column_1_1 1_1 fusion-flex-column\" style=\"--awb-bg-size:cover;--awb-width-large:100%;--awb-margin-top-large:0px;--awb-spacing-right-large:0%;--awb-margin-bottom-large:0px;--awb-spacing-left-large:0%;--awb-width-medium:100%;--awb-order-medium:0;--awb-spacing-right-medium:1.92%;--awb-spacing-left-medium:1.92%;--awb-width-small:100%;--awb-order-small:0;--awb-spacing-right-small:1.92%;--awb-spacing-left-small:1.92%;\"><div class=\"fusion-column-wrapper fusion-column-has-shadow fusion-flex-justify-content-flex-start fusion-content-layout-column\"><div class=\"fusion-section-separator section-separator waves fusion-section-separator-2\" style=\"--awb-spacer-padding-top:15.8203125%;--awb-svg-margin-left:0%;--awb-svg-margin-right:0%;--awb-svg-margin-left-medium:1.92%;--awb-svg-margin-right-medium:1.92%;--awb-svg-margin-left-small:1.92%;--awb-svg-margin-right-small:1.92%;--awb-sep-font-size:0;--awb-sep-line-height:0;\"><div class=\"fusion-section-separator-svg\"><svg class=\"fusion-waves-candy\" xmlns=\"http:\/\/www.w3.org\/2000\/svg\" version=\"1.1\" width=\"100%\" viewBox=\"0 54 1024 162\" preserveAspectRatio=\"none\" fill=\"rgba(228,232,233,1)\"><path class=\"st3\" d=\"M0 216.312h1024v-3.044c-50.8-17.1-108.7-30.7-172.7-37.9-178.6-19.8-220 36.8-404.9 21.3-206.6-17.2-228-126.5-434.5-141.6-3.9-.3-7.9-.5-11.9-.7v161.944z\"\/><\/svg><\/div><div class=\"fusion-section-separator-spacer\"><div class=\"fusion-section-separator-spacer-height\"><\/div><\/div><\/div><\/div><\/div><\/div><\/div><\/p>\n","protected":false},"excerpt":{"rendered":"","protected":false},"author":2,"featured_media":0,"parent":0,"menu_order":0,"comment_status":"closed","ping_status":"closed","template":"100-width.php","meta":{"_acf_changed":false,"footnotes":""},"class_list":["post-45357","page","type-page","status-publish","hentry"],"acf":[],"yoast_head":"<!-- This site is optimized with the Yoast SEO plugin v27.5 - https:\/\/yoast.com\/product\/yoast-seo-wordpress\/ -->\n<title>Collaborators Teacher training | IMPULS EDUCACI\u00d3<\/title>\n<meta name=\"robots\" content=\"index, follow, max-snippet:-1, max-image-preview:large, max-video-preview:-1\" \/>\n<link rel=\"canonical\" href=\"https:\/\/impulseducacio.org\/en\/collaborators-teacher-training\/\" \/>\n<meta property=\"og:locale\" content=\"en_US\" \/>\n<meta property=\"og:type\" content=\"article\" \/>\n<meta property=\"og:title\" content=\"Collaborators Teacher training | IMPULS EDUCACI\u00d3\" \/>\n<meta property=\"og:url\" content=\"https:\/\/impulseducacio.org\/en\/collaborators-teacher-training\/\" \/>\n<meta property=\"og:site_name\" content=\"IMPULS EDUCACI\u00d3\" \/>\n<meta property=\"article:publisher\" content=\"https:\/\/www.facebook.com\/impulseducacio2020\" \/>\n<meta property=\"article:modified_time\" content=\"2025-01-15T09:15:07+00:00\" \/>\n<meta name=\"twitter:card\" content=\"summary_large_image\" \/>\n<meta name=\"twitter:site\" content=\"@ImpulsEducacio\" \/>\n<meta name=\"twitter:label1\" content=\"Est. reading time\" \/>\n\t<meta name=\"twitter:data1\" content=\"12 minutes\" \/>\n<script type=\"application\/ld+json\" class=\"yoast-schema-graph\">{\"@context\":\"https:\\\/\\\/schema.org\",\"@graph\":[{\"@type\":\"WebPage\",\"@id\":\"https:\\\/\\\/impulseducacio.org\\\/en\\\/collaborators-teacher-training\\\/\",\"url\":\"https:\\\/\\\/impulseducacio.org\\\/en\\\/collaborators-teacher-training\\\/\",\"name\":\"Collaborators Teacher training | IMPULS EDUCACI\u00d3\",\"isPartOf\":{\"@id\":\"https:\\\/\\\/impulseducacio.org\\\/en\\\/#website\"},\"datePublished\":\"2024-12-19T12:03:02+00:00\",\"dateModified\":\"2025-01-15T09:15:07+00:00\",\"breadcrumb\":{\"@id\":\"https:\\\/\\\/impulseducacio.org\\\/en\\\/collaborators-teacher-training\\\/#breadcrumb\"},\"inLanguage\":\"en\",\"potentialAction\":[{\"@type\":\"ReadAction\",\"target\":[\"https:\\\/\\\/impulseducacio.org\\\/en\\\/collaborators-teacher-training\\\/\"]}]},{\"@type\":\"BreadcrumbList\",\"@id\":\"https:\\\/\\\/impulseducacio.org\\\/en\\\/collaborators-teacher-training\\\/#breadcrumb\",\"itemListElement\":[{\"@type\":\"ListItem\",\"position\":1,\"name\":\"Start\",\"item\":\"https:\\\/\\\/impulseducacio.org\\\/en\\\/\"},{\"@type\":\"ListItem\",\"position\":2,\"name\":\"Collaborators Teacher training\"}]},{\"@type\":\"WebSite\",\"@id\":\"https:\\\/\\\/impulseducacio.org\\\/en\\\/#website\",\"url\":\"https:\\\/\\\/impulseducacio.org\\\/en\\\/\",\"name\":\"IMPULS EDUCACI\u00d3\",\"description\":\"Espai d\u2019estudi i di\u00e0leg en temes educatius\",\"potentialAction\":[{\"@type\":\"SearchAction\",\"target\":{\"@type\":\"EntryPoint\",\"urlTemplate\":\"https:\\\/\\\/impulseducacio.org\\\/en\\\/?s={search_term_string}\"},\"query-input\":{\"@type\":\"PropertyValueSpecification\",\"valueRequired\":true,\"valueName\":\"search_term_string\"}}],\"inLanguage\":\"en\"}]}<\/script>\n<!-- \/ Yoast SEO plugin. -->","yoast_head_json":{"title":"Collaborators Teacher training | IMPULS EDUCACI\u00d3","robots":{"index":"index","follow":"follow","max-snippet":"max-snippet:-1","max-image-preview":"max-image-preview:large","max-video-preview":"max-video-preview:-1"},"canonical":"https:\/\/impulseducacio.org\/en\/collaborators-teacher-training\/","og_locale":"en_US","og_type":"article","og_title":"Collaborators Teacher training | IMPULS EDUCACI\u00d3","og_url":"https:\/\/impulseducacio.org\/en\/collaborators-teacher-training\/","og_site_name":"IMPULS EDUCACI\u00d3","article_publisher":"https:\/\/www.facebook.com\/impulseducacio2020","article_modified_time":"2025-01-15T09:15:07+00:00","twitter_card":"summary_large_image","twitter_site":"@ImpulsEducacio","twitter_misc":{"Est. reading time":"12 minutes"},"schema":{"@context":"https:\/\/schema.org","@graph":[{"@type":"WebPage","@id":"https:\/\/impulseducacio.org\/en\/collaborators-teacher-training\/","url":"https:\/\/impulseducacio.org\/en\/collaborators-teacher-training\/","name":"Collaborators Teacher training | IMPULS EDUCACI\u00d3","isPartOf":{"@id":"https:\/\/impulseducacio.org\/en\/#website"},"datePublished":"2024-12-19T12:03:02+00:00","dateModified":"2025-01-15T09:15:07+00:00","breadcrumb":{"@id":"https:\/\/impulseducacio.org\/en\/collaborators-teacher-training\/#breadcrumb"},"inLanguage":"en","potentialAction":[{"@type":"ReadAction","target":["https:\/\/impulseducacio.org\/en\/collaborators-teacher-training\/"]}]},{"@type":"BreadcrumbList","@id":"https:\/\/impulseducacio.org\/en\/collaborators-teacher-training\/#breadcrumb","itemListElement":[{"@type":"ListItem","position":1,"name":"Start","item":"https:\/\/impulseducacio.org\/en\/"},{"@type":"ListItem","position":2,"name":"Collaborators Teacher training"}]},{"@type":"WebSite","@id":"https:\/\/impulseducacio.org\/en\/#website","url":"https:\/\/impulseducacio.org\/en\/","name":"IMPULS EDUCACI\u00d3","description":"Espai d\u2019estudi i di\u00e0leg en temes educatius","potentialAction":[{"@type":"SearchAction","target":{"@type":"EntryPoint","urlTemplate":"https:\/\/impulseducacio.org\/en\/?s={search_term_string}"},"query-input":{"@type":"PropertyValueSpecification","valueRequired":true,"valueName":"search_term_string"}}],"inLanguage":"en"}]}},"_links":{"self":[{"href":"https:\/\/impulseducacio.org\/en\/wp-json\/wp\/v2\/pages\/45357","targetHints":{"allow":["GET"]}}],"collection":[{"href":"https:\/\/impulseducacio.org\/en\/wp-json\/wp\/v2\/pages"}],"about":[{"href":"https:\/\/impulseducacio.org\/en\/wp-json\/wp\/v2\/types\/page"}],"author":[{"embeddable":true,"href":"https:\/\/impulseducacio.org\/en\/wp-json\/wp\/v2\/users\/2"}],"replies":[{"embeddable":true,"href":"https:\/\/impulseducacio.org\/en\/wp-json\/wp\/v2\/comments?post=45357"}],"version-history":[{"count":28,"href":"https:\/\/impulseducacio.org\/en\/wp-json\/wp\/v2\/pages\/45357\/revisions"}],"predecessor-version":[{"id":45755,"href":"https:\/\/impulseducacio.org\/en\/wp-json\/wp\/v2\/pages\/45357\/revisions\/45755"}],"wp:attachment":[{"href":"https:\/\/impulseducacio.org\/en\/wp-json\/wp\/v2\/media?parent=45357"}],"curies":[{"name":"wp","href":"https:\/\/api.w.org\/{rel}","templated":true}]}}